{"id":910,"date":"2018-07-02T22:09:33","date_gmt":"2018-07-03T01:09:33","guid":{"rendered":"https:\/\/ifdbariloche-rng.infd.edu.ar\/sitio\/jornadas-pedagogicas\/"},"modified":"2024-09-10T16:30:32","modified_gmt":"2024-09-10T19:30:32","slug":"jornadaspedagogicas","status":"publish","type":"page","link":"https:\/\/ifdbariloche-rng.infd.edu.ar\/sitio\/jornadaspedagogicas\/","title":{"rendered":"Jornadas Pedag\u00f3gicas"},"content":{"rendered":"<h4 style=\"text-align: center;\">19 y 20 de Septiembre\u00a0<\/h4>\n<h6 style=\"text-align: center;\"><em>Declarada de Inter\u00e9s Educacitivo<br \/>Disposici\u00f3n 46\/2024 CD-IFDC Bariloche &#8211;\u00a0 &lt;<a href=\"https:\/\/drive.google.com\/file\/d\/1AFzWeL3KKT4xYf82UXc20f2D4DnZcnoL\/view\">Resoluci\u00f3n Ministerial 4586\/24&gt;<\/a> (CPE)<\/em><\/h6>\n<p style=\"text-align: center;\"><b>Experiencias en torno al Proyecto Alfabetizador Institucional<\/b><\/p>\n<p style=\"text-align: center;\"><b><i>Las m\u00faltiples formas de leer el mundo, <\/i><\/b><b><i>continuar aprendiendo <\/i><\/b><b><i>y escribir nuestros propios caminos en la escuela p\u00fablica<\/i><\/b><\/p>\n<p style=\"text-align: center;\"><strong>IMPORTANTE<\/strong>: <a href=\"https:\/\/ifdbariloche-rng.infd.edu.ar\/sitio\/gg\/\">&lt;Convocatoria para Estudiantes&gt;<\/a><\/p>\n<figure id=\"attachment_5176\" aria-describedby=\"caption-attachment-5176\" style=\"width: 990px\" class=\"wp-caption alignnone\"><img decoding=\"async\" loading=\"lazy\" class=\"size-medium wp-image-5176\" src=\"https:\/\/ifdbariloche-rng.infd.edu.ar\/sitio\/wp-content\/uploads\/2024\/05\/jornadas2024-1000x707.jpg\" alt=\"Afiche digital \" width=\"1000\" height=\"707\" srcset=\"https:\/\/ifdbariloche-rng.infd.edu.ar\/sitio\/wp-content\/uploads\/2024\/05\/jornadas2024-1000x707.jpg 1000w, https:\/\/ifdbariloche-rng.infd.edu.ar\/sitio\/wp-content\/uploads\/2024\/05\/jornadas2024-768x543.jpg 768w, https:\/\/ifdbariloche-rng.infd.edu.ar\/sitio\/wp-content\/uploads\/2024\/05\/jornadas2024-1536x1086.jpg 1536w, https:\/\/ifdbariloche-rng.infd.edu.ar\/sitio\/wp-content\/uploads\/2024\/05\/jornadas2024.jpg 1600w\" sizes=\"(max-width: 1000px) 100vw, 1000px\" \/><figcaption id=\"caption-attachment-5176\" class=\"wp-caption-text\"><span style=\"font-size: revert;\">\u00a0<\/span><b style=\"font-size: revert;\"> \u00a0 \u00a0<\/b><\/figcaption><\/figure>\n<h4 style=\"text-align: center;\"><a href=\"https:\/\/drive.google.com\/file\/d\/1O4y-mcYEbLeb8gQUsrH0fNHJCjhwNVOw\/view\">&lt;VER PROGRAMA GENERAL&gt;\u00a0<\/a><\/h4>\n<p>Las Jornadas Pedag\u00f3gicas son p\u00fablicas y gratuitas. El cronograma de las mimas est\u00e1 en construcci\u00f3n. Se llevar\u00e1n a cabo en dos formatos:\u00a0<\/p>\n<ul>\n<li>Jueves 19\/09\/24. Mesas virtuales de intercambio de experiencias. Esta instancia est\u00e1 dedicada unicamente a la presentaci\u00f3n de experiencias, cuyos autores\/as no residan en la localidad de Bariloche y sus alrededores. Agenda a definir.\u00a0<\/li>\n<li>Viernes 20\/09\/24 Mesas de intercambio d experiencias. Instancia presencial en el IFDC Bariloche. Agenda a definir.\u00a0<\/li>\n<\/ul>\n<p style=\"text-align: center;\">&lt;<a href=\"https:\/\/ifdbariloche-rng.infd.edu.ar\/sitio\/jornadaspedagogicas\/blog2020\/\">VER PROGRAMA DETALLADO<\/a>&gt;<\/p>\n<p><b style=\"font-size: 20px;\">Participaci\u00f3n<\/b><\/p>\n<p>Hay dos maneras de participar en las Jornadas Pedag\u00f3gicas:\u00a0<br \/>a) <strong>Como Asistentes<\/strong>. Las personas que deseen participar como asistentes deber\u00e1n estar presentes (o registrar su presencia) en un m\u00ednimo de actividades, sean virtuales o presenciales. La cantidad m\u00ednima se determinar\u00e1 a la brevedad, cuando est\u00e9 completo el cronograma definitivo de las Jornadas.\u00a0<br \/>b) <strong>Como Expositores\/as<\/strong>. Las personas que deseen presentar sus experiencias, deber\u00e1n cumplimentar la presentaci\u00f3n de res\u00famenes, la escritura de la experiencia y la exposici\u00f3n de la misma en las mesas de intercambio.\u00a0<\/p>\n<p><strong>Importante<\/strong>: Estudiantes de IFDC Bariloche que asistan a 4 eventos en el marco de las Jornadas Pedag\u00f3gicas 2024, acreditar\u00e1n 10 horas EDI. Recuerden registrar su asistencia en cada evento.<\/p>\n<p>\u00a0<\/p>\n<hr \/>\n<p style=\"text-align: center;\"><b>Orientaciones y pautas para la presentaci\u00f3n de res\u00famenes y ponencias<\/b><\/p>\n<p style=\"text-align: center;\"><b>en torno a experiencias y narrativas pedag\u00f3gicas<\/b><\/p>\n<p><b style=\"font-size: 20px;\">1. Presentaci\u00f3n de res\u00famenes<\/b><\/p>\n<p><span style=\"font-weight: 400;\">La presentaci\u00f3n de res\u00famenes implica la postulaci\u00f3n para participar en las mesas de intercambio de las Jornadas Pedag\u00f3gicas 2024. El resumen consiste en un documento donde se registran:\u00a0<\/span><\/p>\n<p style=\"padding-left: 40px;\"><b>a) <\/b><span style=\"font-weight: 400;\">Datos personales del autor\/a o autoras\/es: nombre y apellido, instituci\u00f3n en la que se desempe\u00f1a, nivel, destinatarios de la experiencia, direcci\u00f3n de correo electr\u00f3nico de cada participante.\u00a0\u00a0<\/span><\/p>\n<p style=\"padding-left: 40px;\"><b>b) <\/b><span style=\"font-weight: 400;\">T\u00edtulo y subt\u00edtulo de la ponencia. Se trata de un t\u00edtulo descriptivo que contiene las palabras claves de la tem\u00e1tica a abordar y un subt\u00edtulo que ampl\u00eda los sentidos de la experiencia.\u00a0<\/span><\/p>\n<p style=\"padding-left: 40px;\"><b>c) <\/b><span style=\"font-weight: 400;\">Desarrollo:<\/span> <span style=\"font-weight: 400;\">resumen a modo de introducci\u00f3n que permita tener una idea clara de la experiencia, alcance, logros, dificultades y los interrogantes que despierta en sus protagonistas (docentes y estudiantes). Se espera una extensi\u00f3n de entre <\/span><b>400 y 500 palabras<\/b><span style=\"font-weight: 400;\">.\u00a0<\/span><\/p>\n<p><span style=\"font-weight: 400;\">La presentaci\u00f3n se har\u00e1 en hoja A4, letra Arial 11, espaciado 1,5.<\/span><\/p>\n<table>\n<tbody>\n<tr>\n<td>\n<p style=\"text-align: center;\"><span style=\"color: #000080;\"><b>Plazo para la recepci\u00f3n de res\u00famenes: <\/b><span style=\"font-weight: 400;\">Semana del 1 al 15 de agosto\u00a0<\/span><\/span><\/p>\n<\/td>\n<\/tr>\n<\/tbody>\n<\/table>\n<p><b style=\"font-size: 20px;\">2. Recepci\u00f3n de la experiencia<\/b><\/p>\n<p><span style=\"font-weight: 400;\">El <\/span><b>resumen <\/b><span style=\"font-weight: 400;\">de la experiencia deber\u00e1 ser cargado como archivo adjunto al siguiente formulario:\u00a0<\/span><\/p>\n<p style=\"text-align: center;\"><a href=\"https:\/\/docs.google.com\/forms\/d\/e\/1FAIpQLSdBiiyeh6SLgnpIVo8SGwTckq0xNRCye6DU9c0JQ2D8yIAN9w\/viewform\"><span style=\"font-weight: 400;\">CLIC AQU\u00cd PARA VER EL FORMULARIO<\/span><\/a><\/p>\n<p><span style=\"font-weight: 400;\">El equipo organizador responder\u00e1 dentro de las 72 h la recepci\u00f3n del resumen y la aceptaci\u00f3n de la participaci\u00f3n en las mesas de intercambio.\u00a0<\/span><\/p>\n<h5><b>3. Presentaci\u00f3n de la narrativa de la experiencia <\/b><\/h5>\n<p><span style=\"font-weight: 400;\">Una vez <\/span><b>confirmada la recepci\u00f3n y aceptaci\u00f3n<\/b><span style=\"font-weight: 400;\">, los participantes deber\u00e1n presentar por escrito, la narrativa de la experiencia. Tendr\u00e1 un m\u00e1ximo de <\/span><b>4 p\u00e1ginas<\/b><span style=\"font-weight: 400;\">, en hoja tama\u00f1o A4, tipo de letra Arial o Times New Roman 12 y espaciado de 1,5. Al final del trabajo se consignar\u00e1 alfab\u00e9ticamente la bibliograf\u00eda citada. Las narrativas se enviar\u00e1n por correo electr\u00f3nico como archivo adjunto a la siguiente direcci\u00f3n: <\/span><a href=\"mailto:jornadaspedagogicas@ifdc.edu.ar\"><b>jornadaspedagogicas@ifdc.edu.ar<\/b><\/a> <span style=\"font-weight: 400;\">indicando en el <\/span><b>asunto<\/b><span style=\"font-weight: 400;\">: JORNADAS 2024, T\u00edtulo de la ponencia, Apellidos del referente.\u00a0<\/span><\/p>\n<table style=\"height: 50px;\" width=\"1021\">\n<tbody>\n<tr>\n<td>\n<p style=\"text-align: center;\"><span style=\"color: #000080;\"><b>Plazo para la recepci\u00f3n de ponencias: <\/b><span style=\"font-weight: 400;\">Del 2 al 6 de Septiembre<br \/><a href=\"https:\/\/docs.google.com\/forms\/d\/e\/1FAIpQLSfg1rWWxiWv59GXmOfm8x0EapxfDCxfcaT2duXV2PHE7178EA\/viewform\">SUBIR AQU\u00cd SU NARRATIVA<\/a><\/span><\/span><\/p>\n<\/td>\n<\/tr>\n<\/tbody>\n<\/table>\n<p><span style=\"font-weight: 400;\">Se espera que la narrativa presente:\u00a0<\/span><\/p>\n<ul>\n<li style=\"font-weight: 400;\" aria-level=\"1\"><span style=\"font-weight: 400;\">Una introducci\u00f3n que contextualice la experiencia.<\/span><\/li>\n<li style=\"font-weight: 400;\" aria-level=\"1\"><span style=\"font-weight: 400;\">El desarrollo de la experiencia en di\u00e1logo con los marcos te\u00f3ricos relativos a las alfabetizaciones, la normativa vigente, el proyecto educativo institucional, entre otros.\u00a0<\/span><\/li>\n<li style=\"font-weight: 400;\" aria-level=\"1\"><span style=\"font-weight: 400;\">Una aproximaci\u00f3n o reflexi\u00f3n acerca de los logros, las dificultades, los desaf\u00edos y las contribuciones de la experiencia con respecto a:\u00a0<\/span>\n<ul>\n<li style=\"font-weight: 400;\" aria-level=\"2\"><span style=\"font-weight: 400;\">las nociones de alfabetizaciones,\u00a0<\/span><\/li>\n<li style=\"font-weight: 400;\" aria-level=\"2\"><span style=\"font-weight: 400;\">los desaf\u00edos, facilitadores y obstaculizadores de la alfabetizaci\u00f3n,\u00a0<\/span><\/li>\n<li style=\"font-weight: 400;\" aria-level=\"2\"><span style=\"font-weight: 400;\">el acompa\u00f1amiento a trayectorias educativas,<\/span><\/li>\n<li style=\"font-weight: 400;\" aria-level=\"2\"><span style=\"font-weight: 400;\">los logros alcanzados y las proyecciones posibles de la experiencia.\u00a0<\/span><\/li>\n<\/ul>\n<\/li>\n<li style=\"font-weight: 400;\" aria-level=\"1\"><span style=\"font-weight: 400;\">Referencias bibliogr\u00e1ficas atendiendo a las normas APA para el citado.\u00a0<\/span><\/li>\n<\/ul>\n<p><span style=\"font-weight: 400;\">Recomendamos las siguientes orientaciones para la escritura de la experiencia en clave narrativa pedag\u00f3gica:<\/span><\/p>\n<ul>\n<li style=\"font-weight: 400;\" aria-level=\"1\"><a href=\"https:\/\/ifdbariloche-rng.infd.edu.ar\/sitio\/tag\/jornadas-pedagogicas\/\"><span style=\"font-weight: 400;\">El blog de las Jornadas Pedag\u00f3gicas<\/span><\/a><span style=\"font-weight: 400;\">. Aqu\u00ed encontrar\u00e1s algunos res\u00famenes y narrativas ya presentadas en a\u00f1os anteriores. Recordamos que este a\u00f1o, solo se recibir\u00e1n experiencias narradas por escrito.\u00a0<\/span><\/li>\n<li style=\"font-weight: 400;\" aria-level=\"1\"><span style=\"font-weight: 400;\">Video recomendaciones: Recuperamos de la plataforma jurisdiccional \u201cHaciendo Escuela\u201d. tres videos recomendaciones:\u00a0<\/span>\n<ul>\n<li style=\"font-weight: 400;\" aria-level=\"2\"><a href=\"https:\/\/www.youtube.com\/watch?v=-2-W3omPWEQ\"><span style=\"font-weight: 400;\">\u00bfQu\u00e9 son las narrativas pedag\u00f3gicas y para qu\u00e9 nos sirven en nuestras pr\u00e1cticas educativas?<\/span><\/a><\/li>\n<li style=\"font-weight: 400;\" aria-level=\"2\"><a href=\"https:\/\/www.youtube.com\/watch?v=Okd2xRNxqrI\"><span style=\"font-weight: 400;\">Caracter\u00edsticas de la escritura de narrativas pedag\u00f3gicas<\/span><\/a><\/li>\n<li style=\"font-weight: 400;\" aria-level=\"2\"><a href=\"https:\/\/www.youtube.com\/watch?v=Zn6CWLzJZ68\"><span style=\"font-weight: 400;\">\u00bfPara qu\u00e9 sirven las narrativas pedag\u00f3gicas?<\/span><\/a><\/li>\n<\/ul>\n<\/li>\n<\/ul>\n<p><span style=\"font-weight: 400;\">Por consultas y mayor informaci\u00f3n:\u00a0<\/span><\/p>\n<ul>\n<li style=\"font-weight: 400;\" aria-level=\"1\"><span style=\"font-weight: 400;\">e-mail: jornadaspedagogicas@ifdc.edu.ar\u00a0<\/span><\/li>\n<li style=\"font-weight: 400;\" aria-level=\"1\"><span style=\"font-weight: 400;\">Web: www.ifdc.edu.ar\/jornadaspedagogicas\u00a0\u00a0<\/span><\/li>\n<\/ul>\n<p style=\"text-align: right;\"><span style=\"font-weight: 400;\">Equipo Organizador\u00a0<\/span><\/p>\n<p style=\"text-align: right;\"><span style=\"font-weight: 400;\">Jornadas Pedag\u00f3gicas 2024<\/span><\/p>\n<hr \/>\n<p style=\"text-align: center;\"><b>\u00a0<\/b><em>Encuentros, experiencias, intercambios, debates en tiempos de desaf\u00edos y esperanza.<\/em><\/p>\n<p style=\"text-align: center;\"><span style=\"font-size: revert;\"><b><i>\u00a0<\/i><\/b>Visit\u00e1 nuestras redes:\u00a0<\/span><a style=\"font-size: revert;\" href=\"https:\/\/twitter.com\/IfdcJornadas\" target=\"_blank\" rel=\"noopener\"><img decoding=\"async\" loading=\"lazy\" class=\"alignnone wp-image-4299\" src=\"https:\/\/ifdbariloche-rng.infd.edu.ar\/sitio\/wp-content\/uploads\/2020\/10\/twiter.png\" alt=\"\" width=\"30\" height=\"30\" srcset=\"https:\/\/ifdbariloche-rng.infd.edu.ar\/sitio\/wp-content\/uploads\/2020\/10\/twiter.png 512w, https:\/\/ifdbariloche-rng.infd.edu.ar\/sitio\/wp-content\/uploads\/2020\/10\/twiter-500x500.png 500w\" sizes=\"(max-width: 30px) 100vw, 30px\" \/>\u00a0<\/a><span style=\"font-size: revert;\">\u00a0\u00a0<\/span><a style=\"font-size: revert;\" href=\"https:\/\/www.instagram.com\/jornadaspedagogicas\/\" target=\"_blank\" rel=\"noopener\"><img decoding=\"async\" loading=\"lazy\" class=\"alignnone wp-image-4298\" src=\"https:\/\/ifdbariloche-rng.infd.edu.ar\/sitio\/wp-content\/uploads\/2020\/10\/insta-1000x1000.png\" alt=\"\" width=\"30\" height=\"30\" srcset=\"https:\/\/ifdbariloche-rng.infd.edu.ar\/sitio\/wp-content\/uploads\/2020\/10\/insta-1000x1000.png 1000w, https:\/\/ifdbariloche-rng.infd.edu.ar\/sitio\/wp-content\/uploads\/2020\/10\/insta-500x500.png 500w, https:\/\/ifdbariloche-rng.infd.edu.ar\/sitio\/wp-content\/uploads\/2020\/10\/insta-768x767.png 768w, https:\/\/ifdbariloche-rng.infd.edu.ar\/sitio\/wp-content\/uploads\/2020\/10\/insta.png 1200w\" sizes=\"(max-width: 30px) 100vw, 30px\" \/>\u00a0<\/a><span style=\"font-size: revert;\">\u00a0<\/span><a style=\"font-size: revert;\" href=\"https:\/\/www.facebook.com\/jornadaspedagogicasbariloche\" target=\"_blank\" rel=\"noopener\"><img decoding=\"async\" loading=\"lazy\" class=\"alignnone wp-image-4297\" src=\"https:\/\/ifdbariloche-rng.infd.edu.ar\/sitio\/wp-content\/uploads\/2020\/10\/face-1000x1000.png\" alt=\"\" width=\"31\" height=\"31\" srcset=\"https:\/\/ifdbariloche-rng.infd.edu.ar\/sitio\/wp-content\/uploads\/2020\/10\/face-1000x1000.png 1000w, https:\/\/ifdbariloche-rng.infd.edu.ar\/sitio\/wp-content\/uploads\/2020\/10\/face-500x500.png 500w, https:\/\/ifdbariloche-rng.infd.edu.ar\/sitio\/wp-content\/uploads\/2020\/10\/face-768x768.png 768w, https:\/\/ifdbariloche-rng.infd.edu.ar\/sitio\/wp-content\/uploads\/2020\/10\/face.png 1200w\" sizes=\"(max-width: 31px) 100vw, 31px\" \/><\/a><span style=\"font-size: revert;\">\u00a0\u00a0<\/span><a style=\"font-size: revert;\" href=\"https:\/\/www.youtube.com\/channel\/UCiXi9wgDDT226PZVgcsvzGA\/about\" target=\"_blank\" rel=\"noopener\"><img decoding=\"async\" loading=\"lazy\" class=\"alignnone wp-image-4296\" title=\"Youtube\" src=\"https:\/\/ifdbariloche-rng.infd.edu.ar\/sitio\/wp-content\/uploads\/2020\/10\/1280px-YouTube_full-color_icon_2017.svg-1000x704.png\" alt=\"\" width=\"41\" height=\"29\" srcset=\"https:\/\/ifdbariloche-rng.infd.edu.ar\/sitio\/wp-content\/uploads\/2020\/10\/1280px-YouTube_full-color_icon_2017.svg-1000x704.png 1000w, https:\/\/ifdbariloche-rng.infd.edu.ar\/sitio\/wp-content\/uploads\/2020\/10\/1280px-YouTube_full-color_icon_2017.svg-768x541.png 768w, https:\/\/ifdbariloche-rng.infd.edu.ar\/sitio\/wp-content\/uploads\/2020\/10\/1280px-YouTube_full-color_icon_2017.svg.png 1280w\" sizes=\"(max-width: 41px) 100vw, 41px\" \/><\/a><\/p>\n\n\n<p><\/p>\n","protected":false},"excerpt":{"rendered":"<p>19 y 20 de Septiembre\u00a0 Declarada de Inter\u00e9s EducacitivoDisposici\u00f3n 46\/2024 CD-IFDC Bariloche &#8211;\u00a0 &lt;Resoluci\u00f3n Ministerial 4586\/24&gt; (CPE) Experiencias en torno al Proyecto Alfabetizador Institucional Las m\u00faltiples formas de leer el mundo, continuar aprendiendo y escribir nuestros propios caminos en la escuela p\u00fablica IMPORTANTE: &lt;Convocatoria para Estudiantes&gt; &lt;VER PROGRAMA GENERAL&gt;\u00a0 Las Jornadas Pedag\u00f3gicas son p\u00fablicas y &#8230; <a title=\"Jornadas Pedag\u00f3gicas\" class=\"read-more\" href=\"https:\/\/ifdbariloche-rng.infd.edu.ar\/sitio\/jornadaspedagogicas\/\" aria-label=\"More on Jornadas Pedag\u00f3gicas\">[+]<\/a><\/p>\n","protected":false},"author":2231,"featured_media":0,"parent":0,"menu_order":0,"comment_status":"closed","ping_status":"closed","template":"","meta":[],"acf":[],"_links":{"self":[{"href":"https:\/\/ifdbariloche-rng.infd.edu.ar\/sitio\/wp-json\/wp\/v2\/pages\/910"}],"collection":[{"href":"https:\/\/ifdbariloche-rng.infd.edu.ar\/sitio\/wp-json\/wp\/v2\/pages"}],"about":[{"href":"https:\/\/ifdbariloche-rng.infd.edu.ar\/sitio\/wp-json\/wp\/v2\/types\/page"}],"author":[{"embeddable":true,"href":"https:\/\/ifdbariloche-rng.infd.edu.ar\/sitio\/wp-json\/wp\/v2\/users\/2231"}],"replies":[{"embeddable":true,"href":"https:\/\/ifdbariloche-rng.infd.edu.ar\/sitio\/wp-json\/wp\/v2\/comments?post=910"}],"version-history":[{"count":75,"href":"https:\/\/ifdbariloche-rng.infd.edu.ar\/sitio\/wp-json\/wp\/v2\/pages\/910\/revisions"}],"predecessor-version":[{"id":5241,"href":"https:\/\/ifdbariloche-rng.infd.edu.ar\/sitio\/wp-json\/wp\/v2\/pages\/910\/revisions\/5241"}],"wp:attachment":[{"href":"https:\/\/ifdbariloche-rng.infd.edu.ar\/sitio\/wp-json\/wp\/v2\/media?parent=910"}],"curies":[{"name":"wp","href":"https:\/\/api.w.org\/{rel}","templated":true}]}}